{"id":3285,"date":"2021-09-16T15:44:06","date_gmt":"2021-09-16T15:44:06","guid":{"rendered":"https:\/\/ecoclimabarcelona.com\/?page_id=3285"},"modified":"2023-04-14T07:05:47","modified_gmt":"2023-04-14T07:05:47","slug":"seclasa-cat","status":"publish","type":"page","link":"https:\/\/ecoclimabarcelona.com\/es\/","title":{"rendered":"SECLASA"},"content":{"rendered":"\t\t<div data-elementor-type=\"wp-page\" data-elementor-id=\"3285\" class=\"elementor elementor-3285 elementor-435\" data-elementor-post-type=\"page\">\n\t\t\t\t\t\t<section class=\"elementor-section elementor-top-section elementor-element elementor-element-4e89698 elementor-section-full_width elementor-section-height-min-height elementor-hidden-mobile elementor-section-items-top elementor-section-height-default\" data-id=\"4e89698\" data-element_type=\"section\" data-e-type=\"section\">\n\t\t\t\t\t\t<div class=\"elementor-container elementor-column-gap-default\">\n\t\t\t\t\t<div class=\"elementor-column elementor-col-100 elementor-top-column elementor-element elementor-element-21976dc\" data-id=\"21976dc\" data-element_type=\"column\" data-e-type=\"column\">\n\t\t\t<div class=\"elementor-widget-wrap elementor-element-populated\">\n\t\t\t\t\t\t<div class=\"dce-dynamic-posts-collection dce-fix-background-loop elementor-element elementor-element-0ba9bbf dce-posts-layout-float dce-carousel-effect-fade dce-align-center elementor-widget elementor-widget-dce-my-posts\" data-id=\"0ba9bbf\" data-element_type=\"widget\" data-e-type=\"widget\" data-settings=\"{&quot;style_items&quot;:&quot;float&quot;,&quot;carousel_effects&quot;:&quot;fade&quot;,&quot;carousel_loop&quot;:&quot;yes&quot;,&quot;carousel_centeredSlides&quot;:&quot;yes&quot;,&quot;carousel_centeredSlidesBounds&quot;:&quot;yes&quot;,&quot;carousel_keyboardControl&quot;:&quot;yes&quot;,&quot;carousel_speed_slider&quot;:2500,&quot;carousel_useAutoplay&quot;:&quot;yes&quot;,&quot;carousel_autoplay&quot;:1000,&quot;carousel_direction_slider&quot;:&quot;horizontal&quot;,&quot;carousel_spaceBetween&quot;:0,&quot;carousel_useNavigation&quot;:&quot;yes&quot;,&quot;carousel_autoplayDisableOnInteraction&quot;:&quot;yes&quot;,&quot;carousel_slidesOffsetBefore&quot;:0,&quot;carousel_slidesOffsetAfter&quot;:0,&quot;carousel_slidesPerColumnFill&quot;:&quot;row&quot;}\" data-widget_type=\"dce-my-posts.carousel\">\n\t\t\t\t<div class=\"elementor-widget-container\">\n\t\t\t\t\t\n\t\t<div class=\"dce-posts-container dce-posts  swiper-container dce-skin-carousel\">\n\t\t\t\t\t\t<div class=\"dce-posts-wrapper swiper-wrapper dce-wrapper-carousel\">\n\t\t\t\n\t\t<article class=\"post-11159 projecte_ecoclima type-projecte_ecoclima status-publish format-standard has-post-thumbnail hentry sector-equipaments-culturals serveis_ecoclima-climatitzacio-ventilacio-i-control serveis_ecoclima-electricitat destacat-si-es dce-post dce-post-item swiper-slide dce-item-carousel\" data-dce-post-id=\"11159\" data-dce-post-index=\"0\">\n\t\t\t<div class=\"dce-post-block\">\n\t\t<div class=\"dce-image-area dce-item-area\"><div class=\"dce-item dce-item_image elementor-repeater-item-2e66c96\"><a class=\"dce-post-image dce-post-overlayimage\" href=\"https:\/\/ecoclimabarcelona.com\/es\/projecte_ecoclima\/clima-biblioteca-sofia-barat\/\"><figure data-image-ratio=\"0.6\" class=\"dce-img\"><img fetchpriority=\"high\" decoding=\"async\" width=\"1920\" height=\"1080\" src=\"https:\/\/ecoclimabarcelona.com\/wp-content\/uploads\/2023\/03\/IMG_9903.jpg\" class=\"\" alt=\"CLIMA BIBLIOTECA SOFIA BARAT\" srcset=\"https:\/\/ecoclimabarcelona.com\/wp-content\/uploads\/2023\/03\/IMG_9903.jpg 1920w, https:\/\/ecoclimabarcelona.com\/wp-content\/uploads\/2023\/03\/IMG_9903-300x169.jpg 300w, https:\/\/ecoclimabarcelona.com\/wp-content\/uploads\/2023\/03\/IMG_9903-1024x576.jpg 1024w, https:\/\/ecoclimabarcelona.com\/wp-content\/uploads\/2023\/03\/IMG_9903-768x432.jpg 768w, https:\/\/ecoclimabarcelona.com\/wp-content\/uploads\/2023\/03\/IMG_9903-1536x864.jpg 1536w\" sizes=\"(max-width: 1920px) 100vw, 1920px\" \/><\/figure><\/a><\/div><\/div><div class=\"dce-content-area dce-item-area\"><\/div>\t\t\t<\/div>\n\t\t<\/article>\n\t\t\n\t\t<article class=\"post-11225 projecte_ecoclima type-projecte_ecoclima status-publish format-standard has-post-thumbnail hentry sector-oficinas-y-retail serveis_ecoclima-climatitzacion-ventilacion-y-control serveis_ecoclima-electricidad serveis_ecoclima-fontaneria-es serveis_ecoclima-gas-y-calefaccion serveis_ecoclima-proteccion-contra-incendios serveis_ecoclima-seguridad serveis_ecoclima-telecomunicaciones destacat-si-es dce-post dce-post-item swiper-slide dce-item-carousel\" data-dce-post-id=\"11225\" data-dce-post-index=\"1\">\n\t\t\t<div class=\"dce-post-block\">\n\t\t<div class=\"dce-image-area dce-item-area\"><div class=\"dce-item dce-item_image elementor-repeater-item-2e66c96\"><a class=\"dce-post-image dce-post-overlayimage\" href=\"https:\/\/ecoclimabarcelona.com\/es\/projecte_ecoclima\/reforma-integral-per-a-oficines-al-mercat-de-vilassar\/\"><figure data-image-ratio=\"0.6\" class=\"dce-img\"><img decoding=\"async\" width=\"1920\" height=\"1080\" src=\"https:\/\/ecoclimabarcelona.com\/wp-content\/uploads\/2023\/03\/publi-20220907_110953.jpg\" class=\"\" alt=\"Reforma integral para Oficinas en el Mercado de Vilassar\" srcset=\"https:\/\/ecoclimabarcelona.com\/wp-content\/uploads\/2023\/03\/publi-20220907_110953.jpg 1920w, https:\/\/ecoclimabarcelona.com\/wp-content\/uploads\/2023\/03\/publi-20220907_110953-300x169.jpg 300w, https:\/\/ecoclimabarcelona.com\/wp-content\/uploads\/2023\/03\/publi-20220907_110953-1024x576.jpg 1024w, https:\/\/ecoclimabarcelona.com\/wp-content\/uploads\/2023\/03\/publi-20220907_110953-768x432.jpg 768w, https:\/\/ecoclimabarcelona.com\/wp-content\/uploads\/2023\/03\/publi-20220907_110953-1536x864.jpg 1536w\" sizes=\"(max-width: 1920px) 100vw, 1920px\" \/><\/figure><\/a><\/div><\/div><div class=\"dce-content-area dce-item-area\"><\/div>\t\t\t<\/div>\n\t\t<\/article>\n\t\t\n\t\t<article class=\"post-11109 projecte_ecoclima type-projecte_ecoclima status-publish format-standard has-post-thumbnail hentry sector-equipaments-sanitaris serveis_ecoclima-climatitzacio-ventilacio-i-control serveis_ecoclima-electricitat serveis_ecoclima-fontaneria serveis_ecoclima-proteccio-contra-incendis serveis_ecoclima-seguretat serveis_ecoclima-telecomunicacions destacat-si-es dce-post dce-post-item swiper-slide dce-item-carousel\" data-dce-post-id=\"11109\" data-dce-post-index=\"2\">\n\t\t\t<div class=\"dce-post-block\">\n\t\t<div class=\"dce-image-area dce-item-area\"><div class=\"dce-item dce-item_image elementor-repeater-item-2e66c96\"><a class=\"dce-post-image dce-post-overlayimage\" href=\"https:\/\/ecoclimabarcelona.com\/es\/projecte_ecoclima\/instal-lacions-integrals-centre-assistencial-mc-mutual\/\"><figure data-image-ratio=\"0.6\" class=\"dce-img\"><img decoding=\"async\" width=\"1920\" height=\"1080\" src=\"https:\/\/ecoclimabarcelona.com\/wp-content\/uploads\/2023\/03\/publiIMG_20200129_123811.jpg\" class=\"\" alt=\"Instal.lacions integrals Centre Assistencial MC Mutual\" srcset=\"https:\/\/ecoclimabarcelona.com\/wp-content\/uploads\/2023\/03\/publiIMG_20200129_123811.jpg 1920w, https:\/\/ecoclimabarcelona.com\/wp-content\/uploads\/2023\/03\/publiIMG_20200129_123811-300x169.jpg 300w, https:\/\/ecoclimabarcelona.com\/wp-content\/uploads\/2023\/03\/publiIMG_20200129_123811-1024x576.jpg 1024w, https:\/\/ecoclimabarcelona.com\/wp-content\/uploads\/2023\/03\/publiIMG_20200129_123811-768x432.jpg 768w, https:\/\/ecoclimabarcelona.com\/wp-content\/uploads\/2023\/03\/publiIMG_20200129_123811-1536x864.jpg 1536w\" sizes=\"(max-width: 1920px) 100vw, 1920px\" \/><\/figure><\/a><\/div><\/div><div class=\"dce-content-area dce-item-area\"><\/div>\t\t\t<\/div>\n\t\t<\/article>\n\t\t\n\t\t<article class=\"post-11095 projecte_ecoclima type-projecte_ecoclima status-publish format-standard has-post-thumbnail hentry sector-equipaments-culturals serveis_ecoclima-climatitzacio-ventilacio-i-control serveis_ecoclima-electricitat serveis_ecoclima-fontaneria serveis_ecoclima-gas-i-calefaccio serveis_ecoclima-proteccio-contra-incendis serveis_ecoclima-seguretat serveis_ecoclima-telecomunicacions destacat-si-es dce-post dce-post-item swiper-slide dce-item-carousel\" data-dce-post-id=\"11095\" data-dce-post-index=\"3\">\n\t\t\t<div class=\"dce-post-block\">\n\t\t<div class=\"dce-image-area dce-item-area\"><div class=\"dce-item dce-item_image elementor-repeater-item-2e66c96\"><a class=\"dce-post-image dce-post-overlayimage\" href=\"https:\/\/ecoclimabarcelona.com\/es\/projecte_ecoclima\/instalaciones-integrales-biblioteca-josep-pla\/\"><figure data-image-ratio=\"0.6\" class=\"dce-img\"><img loading=\"lazy\" decoding=\"async\" width=\"1920\" height=\"1080\" src=\"https:\/\/ecoclimabarcelona.com\/wp-content\/uploads\/2023\/03\/publiIMG_9010.jpg\" class=\"\" alt=\"INSTAL.LACIONS INTEGRALS BIBLIOTECA JOSEP PLA\" srcset=\"https:\/\/ecoclimabarcelona.com\/wp-content\/uploads\/2023\/03\/publiIMG_9010.jpg 1920w, https:\/\/ecoclimabarcelona.com\/wp-content\/uploads\/2023\/03\/publiIMG_9010-300x169.jpg 300w, https:\/\/ecoclimabarcelona.com\/wp-content\/uploads\/2023\/03\/publiIMG_9010-1024x576.jpg 1024w, https:\/\/ecoclimabarcelona.com\/wp-content\/uploads\/2023\/03\/publiIMG_9010-768x432.jpg 768w, https:\/\/ecoclimabarcelona.com\/wp-content\/uploads\/2023\/03\/publiIMG_9010-1536x864.jpg 1536w\" sizes=\"(max-width: 1920px) 100vw, 1920px\" \/><\/figure><\/a><\/div><\/div><div class=\"dce-content-area dce-item-area\"><\/div>\t\t\t<\/div>\n\t\t<\/article>\n\t\t\n\t\t<article class=\"post-10942 projecte_ecoclima type-projecte_ecoclima status-publish format-standard has-post-thumbnail hentry sector-equipamientos-educativos serveis_ecoclima-climatitzacion-ventilacion-y-control destacat-si-es dce-post dce-post-item swiper-slide dce-item-carousel\" data-dce-post-id=\"10942\" data-dce-post-index=\"4\">\n\t\t\t<div class=\"dce-post-block\">\n\t\t<div class=\"dce-image-area dce-item-area\"><div class=\"dce-item dce-item_image elementor-repeater-item-2e66c96\"><a class=\"dce-post-image dce-post-overlayimage\" href=\"https:\/\/ecoclimabarcelona.com\/es\/projecte_ecoclima\/climatitzacio-del-conservatori-municipal-de-musica-de-barcelona\/\"><figure data-image-ratio=\"0.6\" class=\"dce-img\"><img loading=\"lazy\" decoding=\"async\" width=\"4032\" height=\"3024\" src=\"https:\/\/ecoclimabarcelona.com\/wp-content\/uploads\/2023\/03\/IMG_4541.jpg\" class=\"\" alt=\"climatizaci\u00f3n del conservatorio municipal de musica de barcelona\" srcset=\"https:\/\/ecoclimabarcelona.com\/wp-content\/uploads\/2023\/03\/IMG_4541.jpg 4032w, https:\/\/ecoclimabarcelona.com\/wp-content\/uploads\/2023\/03\/IMG_4541-300x225.jpg 300w, https:\/\/ecoclimabarcelona.com\/wp-content\/uploads\/2023\/03\/IMG_4541-1024x768.jpg 1024w, https:\/\/ecoclimabarcelona.com\/wp-content\/uploads\/2023\/03\/IMG_4541-768x576.jpg 768w, https:\/\/ecoclimabarcelona.com\/wp-content\/uploads\/2023\/03\/IMG_4541-1536x1152.jpg 1536w, https:\/\/ecoclimabarcelona.com\/wp-content\/uploads\/2023\/03\/IMG_4541-2048x1536.jpg 2048w\" sizes=\"(max-width: 4032px) 100vw, 4032px\" \/><\/figure><\/a><\/div><\/div><div class=\"dce-content-area dce-item-area\"><\/div>\t\t\t<\/div>\n\t\t<\/article>\n\t\t\n\t\t<article class=\"post-10912 projecte_ecoclima type-projecte_ecoclima status-publish format-standard has-post-thumbnail hentry sector-equipamientos-culturales serveis_ecoclima-climatitzacion-ventilacion-y-control serveis_ecoclima-electricidad serveis_ecoclima-fontaneria-es serveis_ecoclima-proteccion-contra-incendios serveis_ecoclima-seguridad serveis_ecoclima-telecomunicaciones destacat-si-es dce-post dce-post-item swiper-slide dce-item-carousel\" data-dce-post-id=\"10912\" data-dce-post-index=\"5\">\n\t\t\t<div class=\"dce-post-block\">\n\t\t<div class=\"dce-image-area dce-item-area\"><div class=\"dce-item dce-item_image elementor-repeater-item-2e66c96\"><a class=\"dce-post-image dce-post-overlayimage\" href=\"https:\/\/ecoclimabarcelona.com\/es\/projecte_ecoclima\/instal-lacions-integrals-en-edifici-gub-per-a-comissaria-de-la-guardia-urbana\/\"><figure data-image-ratio=\"0.6\" class=\"dce-img\"><img loading=\"lazy\" decoding=\"async\" width=\"3472\" height=\"4624\" src=\"https:\/\/ecoclimabarcelona.com\/wp-content\/uploads\/2023\/03\/1676565378987-rotated.jpg\" class=\"\" alt=\"Instalaciones integrales en Edificio GUB para Comisaria de la Guardia Urbana\" srcset=\"https:\/\/ecoclimabarcelona.com\/wp-content\/uploads\/2023\/03\/1676565378987-rotated.jpg 3472w, https:\/\/ecoclimabarcelona.com\/wp-content\/uploads\/2023\/03\/1676565378987-225x300.jpg 225w, https:\/\/ecoclimabarcelona.com\/wp-content\/uploads\/2023\/03\/1676565378987-769x1024.jpg 769w, https:\/\/ecoclimabarcelona.com\/wp-content\/uploads\/2023\/03\/1676565378987-768x1023.jpg 768w, https:\/\/ecoclimabarcelona.com\/wp-content\/uploads\/2023\/03\/1676565378987-1153x1536.jpg 1153w, https:\/\/ecoclimabarcelona.com\/wp-content\/uploads\/2023\/03\/1676565378987-1538x2048.jpg 1538w\" sizes=\"(max-width: 3472px) 100vw, 3472px\" \/><\/figure><\/a><\/div><\/div><div class=\"dce-content-area dce-item-area\"><\/div>\t\t\t<\/div>\n\t\t<\/article>\n\t\t\n\t\t<article class=\"post-10877 projecte_ecoclima type-projecte_ecoclima status-publish format-standard has-post-thumbnail hentry sector-equipamientos-educativos serveis_ecoclima-climatitzacion-ventilacion-y-control serveis_ecoclima-electricidad serveis_ecoclima-gas-y-calefaccion serveis_ecoclima-proteccion-contra-incendios serveis_ecoclima-seguridad serveis_ecoclima-telecomunicaciones destacat-si-es dce-post dce-post-item swiper-slide dce-item-carousel\" data-dce-post-id=\"10877\" data-dce-post-index=\"6\">\n\t\t\t<div class=\"dce-post-block\">\n\t\t<div class=\"dce-image-area dce-item-area\"><div class=\"dce-item dce-item_image elementor-repeater-item-2e66c96\"><a class=\"dce-post-image dce-post-overlayimage\" href=\"https:\/\/ecoclimabarcelona.com\/es\/projecte_ecoclima\/instal-lacions-per-al-centre-de-formacio-tallers-per-a-grameimpuls\/\"><figure data-image-ratio=\"0.6\" class=\"dce-img\"><img loading=\"lazy\" decoding=\"async\" width=\"1920\" height=\"1080\" src=\"https:\/\/ecoclimabarcelona.com\/wp-content\/uploads\/2023\/03\/grameimpuls-3.jpg\" class=\"\" alt=\"Instalaciones para Centro de Formaci\u00f3n (Talleres) para Grameimpuls\" srcset=\"https:\/\/ecoclimabarcelona.com\/wp-content\/uploads\/2023\/03\/grameimpuls-3.jpg 1920w, https:\/\/ecoclimabarcelona.com\/wp-content\/uploads\/2023\/03\/grameimpuls-3-300x169.jpg 300w, https:\/\/ecoclimabarcelona.com\/wp-content\/uploads\/2023\/03\/grameimpuls-3-1024x576.jpg 1024w, https:\/\/ecoclimabarcelona.com\/wp-content\/uploads\/2023\/03\/grameimpuls-3-768x432.jpg 768w, https:\/\/ecoclimabarcelona.com\/wp-content\/uploads\/2023\/03\/grameimpuls-3-1536x864.jpg 1536w\" sizes=\"(max-width: 1920px) 100vw, 1920px\" \/><\/figure><\/a><\/div><\/div><div class=\"dce-content-area dce-item-area\"><\/div>\t\t\t<\/div>\n\t\t<\/article>\n\t\t\t\t<\/div>\n\t\t\t\t<\/div>\n\n\t\t\t\t\t<div class=\"dce-carousel-controls\">\n\t\t\t\t\t\t<div class=\"dce-container-navigation swiper-container-horizontal\">\n\t\t\t\t\t\t\t\t<div class=\"swiper-button-left left-0ba9bbf\">\n\t\t\t\t\t<svg x=\"-10px\" y=\"-10px\" width=\"85.039px\" height=\"85.039px\" viewBox=\"378.426 255.12 85.039 85.039\" xml:space=\"preserve\">\n\t\t\t\t\t\t<line fill=\"none\" stroke=\"#000000\" stroke-width=\"1.3845\" stroke-dasharray=\"0,0\" stroke-miterlimit=\"10\" x1=\"382.456\" y1=\"298.077\" x2=\"458.375\" y2=\"298.077\"\/>\n\t\t\t\t\t\t<polyline fill=\"none\" stroke=\"#000000\" stroke-width=\"1.3845\" stroke-dasharray=\"0,0\" stroke-miterlimit=\"10\" points=\"416.287,331.909,382.456,298.077,416.287,264.245 \"\/>\n\t\t\t\t\t<\/svg>\n\t\t\t\t<\/div>\n\t\t\t\t\t\t\t\t<div class=\"swiper-button-right right-0ba9bbf\">\n\t\t\t\t\t<svg xmlns:xlink=\"http:\/\/www.w3.org\/1999\/xlink\" x=\"0px\" y=\"0px\" width=\"85.039px\" height=\"85.039px\" viewBox=\"378.426 255.12 85.039 85.039\" xml:space=\"preserve\">\n\t\t\t\t\t\t<line fill=\"none\" stroke=\"#000000\" stroke-width=\"1.3845\" stroke-miterlimit=\"10\" x1=\"458.375\" y1=\"298.077\" x2=\"382.456\" y2=\"298.077\"\/>\n\t\t\t\t\t\t<polyline fill=\"none\" stroke=\"#000000\" stroke-width=\"1.3845\" stroke-miterlimit=\"10\" points=\"424.543,264.245,458.375,298.077,424.543,331.909 \"\/>\n\t\t\t\t\t<\/svg>\n\t\t\t\t<\/div>\n\t\t\t<\/div>\n\t\t\t\t\t\t<\/div>\n\t\t\t\t\t\t<\/div>\n\t\t\t\t<\/div>\n\t\t\t\t<div class=\"elementor-element elementor-element-0d40e58 elementor-widget__width-initial elementor-absolute elementor-widget elementor-widget-heading\" data-id=\"0d40e58\" data-element_type=\"widget\" data-e-type=\"widget\" data-settings=\"{&quot;_position&quot;:&quot;absolute&quot;}\" data-widget_type=\"heading.default\">\n\t\t\t\t<div class=\"elementor-widget-container\">\n\t\t\t\t\t<h2 class=\"elementor-heading-title elementor-size-default\">las instalaciones, nuestro compromiso<\/h2>\t\t\t\t<\/div>\n\t\t\t\t<\/div>\n\t\t\t\t\t<\/div>\n\t\t<\/div>\n\t\t\t\t\t<\/div>\n\t\t<\/section>\n\t\t\t\t<section class=\"elementor-section elementor-top-section elementor-element elementor-element-6508b942 elementor-section-full_width elementor-section-height-min-height elementor-section-content-middle elementor-hidden-desktop elementor-hidden-tablet elementor-section-height-default elementor-section-items-middle\" data-id=\"6508b942\" data-element_type=\"section\" data-e-type=\"section\" data-settings=\"{&quot;background_background&quot;:&quot;classic&quot;}\">\n\t\t\t\t\t\t<div class=\"elementor-container elementor-column-gap-no\">\n\t\t\t\t\t<div class=\"elementor-column elementor-col-100 elementor-top-column elementor-element elementor-element-ee407af\" data-id=\"ee407af\" data-element_type=\"column\" data-e-type=\"column\">\n\t\t\t<div class=\"elementor-widget-wrap elementor-element-populated\">\n\t\t\t\t\t\t<div class=\"dce-dynamic-posts-collection dce-fix-background-loop elementor-element elementor-element-058ddc7 dce-carousel-effect-fade dce-align-mobile-center no-masking-yes dce-posts-layout-default dce-align-left elementor-widget elementor-widget-dce-my-posts\" data-id=\"058ddc7\" data-element_type=\"widget\" data-e-type=\"widget\" data-settings=\"{&quot;carousel_useAutoplay&quot;:&quot;yes&quot;,&quot;carousel_loop&quot;:&quot;yes&quot;,&quot;carousel_centeredSlides&quot;:&quot;yes&quot;,&quot;carousel_effects&quot;:&quot;fade&quot;,&quot;carousel_spaceBetween_mobile&quot;:0,&quot;carousel_autoplay&quot;:1500,&quot;carousel_speed_slider&quot;:250,&quot;templatemode_linkable&quot;:&quot;yes&quot;,&quot;carousel_remove_masking&quot;:&quot;yes&quot;,&quot;carousel_crossFade&quot;:&quot;yes&quot;,&quot;style_items&quot;:&quot;default&quot;,&quot;carousel_direction_slider&quot;:&quot;horizontal&quot;,&quot;carousel_spaceBetween&quot;:0,&quot;carousel_useNavigation&quot;:&quot;yes&quot;,&quot;carousel_autoplayDisableOnInteraction&quot;:&quot;yes&quot;,&quot;carousel_slidesOffsetBefore&quot;:0,&quot;carousel_slidesOffsetAfter&quot;:0,&quot;carousel_slidesPerColumnFill&quot;:&quot;row&quot;}\" data-widget_type=\"dce-my-posts.carousel\">\n\t\t\t\t<div class=\"elementor-widget-container\">\n\t\t\t\t\t\n\t\t<div class=\"dce-posts-container dce-posts  swiper-container dce-skin-carousel\">\n\t\t\t\t\t\t<div class=\"dce-posts-wrapper swiper-wrapper dce-wrapper-carousel\">\n\t\t\t\n\t\t<article class=\"post-11159 projecte_ecoclima type-projecte_ecoclima status-publish format-standard has-post-thumbnail hentry sector-equipaments-culturals serveis_ecoclima-climatitzacio-ventilacio-i-control serveis_ecoclima-electricitat destacat-si-es dce-post dce-post-item swiper-slide dce-item-carousel\" data-dce-post-id=\"11159\" data-dce-post-index=\"0\" data-post-link=\"https:\/\/ecoclimabarcelona.com\/es\/projecte_ecoclima\/clima-biblioteca-sofia-barat\/\">\n\t\t\t<div class=\"dce-post-block\">\n\t\t<div class=\"dce-item dce-item_custommeta elementor-repeater-item-6b6ff6d\"><\/div>\t\t\t<\/div>\n\t\t<\/article>\n\t\t\n\t\t<article class=\"post-11225 projecte_ecoclima type-projecte_ecoclima status-publish format-standard has-post-thumbnail hentry sector-oficinas-y-retail serveis_ecoclima-climatitzacion-ventilacion-y-control serveis_ecoclima-electricidad serveis_ecoclima-fontaneria-es serveis_ecoclima-gas-y-calefaccion serveis_ecoclima-proteccion-contra-incendios serveis_ecoclima-seguridad serveis_ecoclima-telecomunicaciones destacat-si-es dce-post dce-post-item swiper-slide dce-item-carousel\" data-dce-post-id=\"11225\" data-dce-post-index=\"1\" data-post-link=\"https:\/\/ecoclimabarcelona.com\/es\/projecte_ecoclima\/reforma-integral-per-a-oficines-al-mercat-de-vilassar\/\">\n\t\t\t<div class=\"dce-post-block\">\n\t\t<div class=\"dce-item dce-item_custommeta elementor-repeater-item-6b6ff6d\"><\/div>\t\t\t<\/div>\n\t\t<\/article>\n\t\t\n\t\t<article class=\"post-11109 projecte_ecoclima type-projecte_ecoclima status-publish format-standard has-post-thumbnail hentry sector-equipaments-sanitaris serveis_ecoclima-climatitzacio-ventilacio-i-control serveis_ecoclima-electricitat serveis_ecoclima-fontaneria serveis_ecoclima-proteccio-contra-incendis serveis_ecoclima-seguretat serveis_ecoclima-telecomunicacions destacat-si-es dce-post dce-post-item swiper-slide dce-item-carousel\" data-dce-post-id=\"11109\" data-dce-post-index=\"2\" data-post-link=\"https:\/\/ecoclimabarcelona.com\/es\/projecte_ecoclima\/instal-lacions-integrals-centre-assistencial-mc-mutual\/\">\n\t\t\t<div class=\"dce-post-block\">\n\t\t<div class=\"dce-item dce-item_custommeta elementor-repeater-item-6b6ff6d\"><\/div>\t\t\t<\/div>\n\t\t<\/article>\n\t\t\n\t\t<article class=\"post-11095 projecte_ecoclima type-projecte_ecoclima status-publish format-standard has-post-thumbnail hentry sector-equipaments-culturals serveis_ecoclima-climatitzacio-ventilacio-i-control serveis_ecoclima-electricitat serveis_ecoclima-fontaneria serveis_ecoclima-gas-i-calefaccio serveis_ecoclima-proteccio-contra-incendis serveis_ecoclima-seguretat serveis_ecoclima-telecomunicacions destacat-si-es dce-post dce-post-item swiper-slide dce-item-carousel\" data-dce-post-id=\"11095\" data-dce-post-index=\"3\" data-post-link=\"https:\/\/ecoclimabarcelona.com\/es\/projecte_ecoclima\/instalaciones-integrales-biblioteca-josep-pla\/\">\n\t\t\t<div class=\"dce-post-block\">\n\t\t<div class=\"dce-item dce-item_custommeta elementor-repeater-item-6b6ff6d\"><\/div>\t\t\t<\/div>\n\t\t<\/article>\n\t\t\n\t\t<article class=\"post-10942 projecte_ecoclima type-projecte_ecoclima status-publish format-standard has-post-thumbnail hentry sector-equipamientos-educativos serveis_ecoclima-climatitzacion-ventilacion-y-control destacat-si-es dce-post dce-post-item swiper-slide dce-item-carousel\" data-dce-post-id=\"10942\" data-dce-post-index=\"4\" data-post-link=\"https:\/\/ecoclimabarcelona.com\/es\/projecte_ecoclima\/climatitzacio-del-conservatori-municipal-de-musica-de-barcelona\/\">\n\t\t\t<div class=\"dce-post-block\">\n\t\t<div class=\"dce-item dce-item_custommeta elementor-repeater-item-6b6ff6d\"><div class=\"dce-post-custommeta\"><div class=\"dce-meta-item dce-meta-6b6ff6d dce-meta-image elementor-repeater-item-6b6ff6d\"><img loading=\"lazy\" decoding=\"async\" width=\"4032\" height=\"3024\" src=\"https:\/\/ecoclimabarcelona.com\/wp-content\/uploads\/2023\/03\/IMG_4541.jpg\" class=\"dce-img\" alt=\"\" srcset=\"https:\/\/ecoclimabarcelona.com\/wp-content\/uploads\/2023\/03\/IMG_4541.jpg 4032w, https:\/\/ecoclimabarcelona.com\/wp-content\/uploads\/2023\/03\/IMG_4541-300x225.jpg 300w, https:\/\/ecoclimabarcelona.com\/wp-content\/uploads\/2023\/03\/IMG_4541-1024x768.jpg 1024w, https:\/\/ecoclimabarcelona.com\/wp-content\/uploads\/2023\/03\/IMG_4541-768x576.jpg 768w, https:\/\/ecoclimabarcelona.com\/wp-content\/uploads\/2023\/03\/IMG_4541-1536x1152.jpg 1536w, https:\/\/ecoclimabarcelona.com\/wp-content\/uploads\/2023\/03\/IMG_4541-2048x1536.jpg 2048w\" sizes=\"(max-width: 4032px) 100vw, 4032px\" \/><\/div><\/div><\/div>\t\t\t<\/div>\n\t\t<\/article>\n\t\t\n\t\t<article class=\"post-10912 projecte_ecoclima type-projecte_ecoclima status-publish format-standard has-post-thumbnail hentry sector-equipamientos-culturales serveis_ecoclima-climatitzacion-ventilacion-y-control serveis_ecoclima-electricidad serveis_ecoclima-fontaneria-es serveis_ecoclima-proteccion-contra-incendios serveis_ecoclima-seguridad serveis_ecoclima-telecomunicaciones destacat-si-es dce-post dce-post-item swiper-slide dce-item-carousel\" data-dce-post-id=\"10912\" data-dce-post-index=\"5\" data-post-link=\"https:\/\/ecoclimabarcelona.com\/es\/projecte_ecoclima\/instal-lacions-integrals-en-edifici-gub-per-a-comissaria-de-la-guardia-urbana\/\">\n\t\t\t<div class=\"dce-post-block\">\n\t\t<div class=\"dce-item dce-item_custommeta elementor-repeater-item-6b6ff6d\"><div class=\"dce-post-custommeta\"><div class=\"dce-meta-item dce-meta-6b6ff6d dce-meta-image elementor-repeater-item-6b6ff6d\"><img loading=\"lazy\" decoding=\"async\" width=\"3472\" height=\"4624\" src=\"https:\/\/ecoclimabarcelona.com\/wp-content\/uploads\/2023\/03\/1676565378987-rotated.jpg\" class=\"dce-img\" alt=\"\" srcset=\"https:\/\/ecoclimabarcelona.com\/wp-content\/uploads\/2023\/03\/1676565378987-rotated.jpg 3472w, https:\/\/ecoclimabarcelona.com\/wp-content\/uploads\/2023\/03\/1676565378987-225x300.jpg 225w, https:\/\/ecoclimabarcelona.com\/wp-content\/uploads\/2023\/03\/1676565378987-769x1024.jpg 769w, https:\/\/ecoclimabarcelona.com\/wp-content\/uploads\/2023\/03\/1676565378987-768x1023.jpg 768w, https:\/\/ecoclimabarcelona.com\/wp-content\/uploads\/2023\/03\/1676565378987-1153x1536.jpg 1153w, https:\/\/ecoclimabarcelona.com\/wp-content\/uploads\/2023\/03\/1676565378987-1538x2048.jpg 1538w\" sizes=\"(max-width: 3472px) 100vw, 3472px\" \/><\/div><\/div><\/div>\t\t\t<\/div>\n\t\t<\/article>\n\t\t\n\t\t<article class=\"post-10877 projecte_ecoclima type-projecte_ecoclima status-publish format-standard has-post-thumbnail hentry sector-equipamientos-educativos serveis_ecoclima-climatitzacion-ventilacion-y-control serveis_ecoclima-electricidad serveis_ecoclima-gas-y-calefaccion serveis_ecoclima-proteccion-contra-incendios serveis_ecoclima-seguridad serveis_ecoclima-telecomunicaciones destacat-si-es dce-post dce-post-item swiper-slide dce-item-carousel\" data-dce-post-id=\"10877\" data-dce-post-index=\"6\" data-post-link=\"https:\/\/ecoclimabarcelona.com\/es\/projecte_ecoclima\/instal-lacions-per-al-centre-de-formacio-tallers-per-a-grameimpuls\/\">\n\t\t\t<div class=\"dce-post-block\">\n\t\t<div class=\"dce-item dce-item_custommeta elementor-repeater-item-6b6ff6d\"><div class=\"dce-post-custommeta\"><div class=\"dce-meta-item dce-meta-6b6ff6d dce-meta-image elementor-repeater-item-6b6ff6d\"><img loading=\"lazy\" decoding=\"async\" width=\"4032\" height=\"3024\" src=\"https:\/\/ecoclimabarcelona.com\/wp-content\/uploads\/2023\/03\/IMG_0232.jpg\" class=\"dce-img\" alt=\"\" srcset=\"https:\/\/ecoclimabarcelona.com\/wp-content\/uploads\/2023\/03\/IMG_0232.jpg 4032w, https:\/\/ecoclimabarcelona.com\/wp-content\/uploads\/2023\/03\/IMG_0232-300x225.jpg 300w, https:\/\/ecoclimabarcelona.com\/wp-content\/uploads\/2023\/03\/IMG_0232-1024x768.jpg 1024w, https:\/\/ecoclimabarcelona.com\/wp-content\/uploads\/2023\/03\/IMG_0232-768x576.jpg 768w, https:\/\/ecoclimabarcelona.com\/wp-content\/uploads\/2023\/03\/IMG_0232-1536x1152.jpg 1536w, https:\/\/ecoclimabarcelona.com\/wp-content\/uploads\/2023\/03\/IMG_0232-2048x1536.jpg 2048w\" sizes=\"(max-width: 4032px) 100vw, 4032px\" \/><\/div><\/div><\/div>\t\t\t<\/div>\n\t\t<\/article>\n\t\t\t\t<\/div>\n\t\t\t\t<\/div>\n\n\t\t\t\t\t<div class=\"dce-carousel-controls\">\n\t\t\t\t\t\t<div class=\"dce-container-navigation swiper-container-horizontal\">\n\t\t\t\t\t\t\t\t<div class=\"swiper-button-left left-058ddc7\">\n\t\t\t\t\t<svg x=\"-10px\" y=\"-10px\" width=\"85.039px\" height=\"85.039px\" viewBox=\"378.426 255.12 85.039 85.039\" xml:space=\"preserve\">\n\t\t\t\t\t\t<line fill=\"none\" stroke=\"#000000\" stroke-width=\"1.3845\" stroke-dasharray=\"0,0\" stroke-miterlimit=\"10\" x1=\"382.456\" y1=\"298.077\" x2=\"458.375\" y2=\"298.077\"\/>\n\t\t\t\t\t\t<polyline fill=\"none\" stroke=\"#000000\" stroke-width=\"1.3845\" stroke-dasharray=\"0,0\" stroke-miterlimit=\"10\" points=\"416.287,331.909,382.456,298.077,416.287,264.245 \"\/>\n\t\t\t\t\t<\/svg>\n\t\t\t\t<\/div>\n\t\t\t\t\t\t\t\t<div class=\"swiper-button-right right-058ddc7\">\n\t\t\t\t\t<svg xmlns:xlink=\"http:\/\/www.w3.org\/1999\/xlink\" x=\"0px\" y=\"0px\" width=\"85.039px\" height=\"85.039px\" viewBox=\"378.426 255.12 85.039 85.039\" xml:space=\"preserve\">\n\t\t\t\t\t\t<line fill=\"none\" stroke=\"#000000\" stroke-width=\"1.3845\" stroke-miterlimit=\"10\" x1=\"458.375\" y1=\"298.077\" x2=\"382.456\" y2=\"298.077\"\/>\n\t\t\t\t\t\t<polyline fill=\"none\" stroke=\"#000000\" stroke-width=\"1.3845\" stroke-miterlimit=\"10\" points=\"424.543,264.245,458.375,298.077,424.543,331.909 \"\/>\n\t\t\t\t\t<\/svg>\n\t\t\t\t<\/div>\n\t\t\t<\/div>\n\t\t\t\t\t\t<\/div>\n\t\t\t\t\t\t<\/div>\n\t\t\t\t<\/div>\n\t\t\t\t<div class=\"elementor-element elementor-element-1ace420 elementor-widget__width-initial elementor-absolute elementor-widget elementor-widget-heading\" data-id=\"1ace420\" data-element_type=\"widget\" data-e-type=\"widget\" data-settings=\"{&quot;_position&quot;:&quot;absolute&quot;}\" data-widget_type=\"heading.default\">\n\t\t\t\t<div class=\"elementor-widget-container\">\n\t\t\t\t\t<h2 class=\"elementor-heading-title elementor-size-default\">las instalaciones,<br> nuestro compromiso<\/h2>\t\t\t\t<\/div>\n\t\t\t\t<\/div>\n\t\t\t\t\t<\/div>\n\t\t<\/div>\n\t\t\t\t\t<\/div>\n\t\t<\/section>\n\t\t\t\t<section class=\"elementor-section elementor-top-section elementor-element elementor-element-1f28e571 elementor-section-content-middle elementor-section-boxed elementor-section-height-default elementor-section-height-default\" data-id=\"1f28e571\" data-element_type=\"section\" data-e-type=\"section\" data-settings=\"{&quot;background_background&quot;:&quot;classic&quot;}\">\n\t\t\t\t\t\t<div class=\"elementor-container elementor-column-gap-default\">\n\t\t\t\t\t<div class=\"elementor-column elementor-col-100 elementor-top-column elementor-element elementor-element-2de59d26\" data-id=\"2de59d26\" data-element_type=\"column\" data-e-type=\"column\">\n\t\t\t<div class=\"elementor-widget-wrap elementor-element-populated\">\n\t\t\t\t\t\t<div class=\"elementor-element elementor-element-eccfc22 elementor-widget elementor-widget-heading\" data-id=\"eccfc22\" data-element_type=\"widget\" data-e-type=\"widget\" data-widget_type=\"heading.default\">\n\t\t\t\t<div class=\"elementor-widget-container\">\n\t\t\t\t\t<h2 class=\"elementor-heading-title elementor-size-default\">\u00daLTIMoS proyectos<\/h2>\t\t\t\t<\/div>\n\t\t\t\t<\/div>\n\t\t\t\t<div class=\"dce-dynamic-posts-collection dce-fix-background-loop elementor-element elementor-element-8126057 dce-col-3 dce-posts-layout-default dce-col-tablet-3 dce-col-mobile-1 dce-align-left elementor-widget elementor-widget-dce-my-posts\" data-id=\"8126057\" data-element_type=\"widget\" data-e-type=\"widget\" data-settings=\"{&quot;style_items&quot;:&quot;default&quot;,&quot;grid_grid_type&quot;:&quot;flex&quot;}\" data-widget_type=\"dce-my-posts.grid\">\n\t\t\t\t<div class=\"elementor-widget-container\">\n\t\t\t\t\t\n\t\t<div class=\"dce-posts-container dce-posts  dce-skin-grid dce-skin-grid-flex\">\n\t\t\t\t\t\t<div class=\"dce-posts-wrapper dce-wrapper-grid\">\n\t\t\t\n\t\t<article class=\"post-11177 projecte_ecoclima type-projecte_ecoclima status-publish format-standard has-post-thumbnail hentry sector-equipaments-educatius serveis_ecoclima-gas-i-calefaccio dce-post dce-post-item dce-item-grid\" data-dce-post-id=\"11177\" data-dce-post-index=\"0\">\n\t\t\t<div class=\"dce-post-block\">\n\t\t<div class=\"dce-item dce-item_image elementor-repeater-item-e5b11c0\"><a class=\"dce-post-image\" href=\"https:\/\/ecoclimabarcelona.com\/es\/projecte_ecoclima\/calefaccio-al-institut-mila-i-fontanals\/\"><figure data-image-ratio=\"0.7\" class=\"dce-img\"><img loading=\"lazy\" decoding=\"async\" width=\"1920\" height=\"1080\" src=\"https:\/\/ecoclimabarcelona.com\/wp-content\/uploads\/2023\/03\/IMG_9901-1.jpg\" class=\"\" alt=\"CALEFACCIO AL INSTITUT MILA I FONTANALS\" srcset=\"https:\/\/ecoclimabarcelona.com\/wp-content\/uploads\/2023\/03\/IMG_9901-1.jpg 1920w, https:\/\/ecoclimabarcelona.com\/wp-content\/uploads\/2023\/03\/IMG_9901-1-300x169.jpg 300w, https:\/\/ecoclimabarcelona.com\/wp-content\/uploads\/2023\/03\/IMG_9901-1-1024x576.jpg 1024w, https:\/\/ecoclimabarcelona.com\/wp-content\/uploads\/2023\/03\/IMG_9901-1-768x432.jpg 768w, https:\/\/ecoclimabarcelona.com\/wp-content\/uploads\/2023\/03\/IMG_9901-1-1536x864.jpg 1536w\" sizes=\"(max-width: 1920px) 100vw, 1920px\" \/><\/figure><\/a><\/div><div class=\"dce-item dce-item_title elementor-repeater-item-300014e\"><h4 class=\"dce-post-title\"><a href=\"https:\/\/ecoclimabarcelona.com\/es\/projecte_ecoclima\/calefaccio-al-institut-mila-i-fontanals\/\">CALEFACCIO AL INSTITUT MILA I FONTANALS<\/a><\/h4><\/div><div class=\"dce-item dce-item_termstaxonomy elementor-repeater-item-55abb31\"><div class=\"dce-post-terms\"><ul class=\"dce-terms-list dce-taxonomy-serveis_ecoclima\"><li class=\"dce-term-item\"><span class=\"dce-term dce-term-106\" data-dce-order=\"\"><a href=\"https:\/\/ecoclimabarcelona.com\/serveis_ecoclima\/gas-i-calefaccio\/\">Gas i Calefacci\u00f3<\/a><\/span><\/li><\/ul><\/div><\/div>\t\t\t<\/div>\n\t\t<\/article>\n\t\t\n\t\t<article class=\"post-11159 projecte_ecoclima type-projecte_ecoclima status-publish format-standard has-post-thumbnail hentry sector-equipaments-culturals serveis_ecoclima-climatitzacio-ventilacio-i-control serveis_ecoclima-electricitat destacat-si-es dce-post dce-post-item dce-item-grid\" data-dce-post-id=\"11159\" data-dce-post-index=\"1\">\n\t\t\t<div class=\"dce-post-block\">\n\t\t<div class=\"dce-item dce-item_image elementor-repeater-item-e5b11c0\"><a class=\"dce-post-image\" href=\"https:\/\/ecoclimabarcelona.com\/es\/projecte_ecoclima\/clima-biblioteca-sofia-barat\/\"><figure data-image-ratio=\"0.7\" class=\"dce-img\"><img fetchpriority=\"high\" decoding=\"async\" width=\"1920\" height=\"1080\" src=\"https:\/\/ecoclimabarcelona.com\/wp-content\/uploads\/2023\/03\/IMG_9903.jpg\" class=\"\" alt=\"CLIMA BIBLIOTECA SOFIA BARAT\" srcset=\"https:\/\/ecoclimabarcelona.com\/wp-content\/uploads\/2023\/03\/IMG_9903.jpg 1920w, https:\/\/ecoclimabarcelona.com\/wp-content\/uploads\/2023\/03\/IMG_9903-300x169.jpg 300w, https:\/\/ecoclimabarcelona.com\/wp-content\/uploads\/2023\/03\/IMG_9903-1024x576.jpg 1024w, https:\/\/ecoclimabarcelona.com\/wp-content\/uploads\/2023\/03\/IMG_9903-768x432.jpg 768w, https:\/\/ecoclimabarcelona.com\/wp-content\/uploads\/2023\/03\/IMG_9903-1536x864.jpg 1536w\" sizes=\"(max-width: 1920px) 100vw, 1920px\" \/><\/figure><\/a><\/div><div class=\"dce-item dce-item_title elementor-repeater-item-300014e\"><h4 class=\"dce-post-title\"><a href=\"https:\/\/ecoclimabarcelona.com\/es\/projecte_ecoclima\/clima-biblioteca-sofia-barat\/\">CLIMA BIBLIOTECA SOFIA BARAT<\/a><\/h4><\/div><div class=\"dce-item dce-item_termstaxonomy elementor-repeater-item-55abb31\"><div class=\"dce-post-terms\"><ul class=\"dce-terms-list dce-taxonomy-serveis_ecoclima\"><li class=\"dce-term-item\"><span class=\"dce-term dce-term-101\" data-dce-order=\"\"><a href=\"https:\/\/ecoclimabarcelona.com\/serveis_ecoclima\/climatitzacio-ventilacio-i-control\/\">Climatitzaci\u00f3, Ventilaci\u00f3 i Control<\/a><\/span><\/li><li class=\"dce-term-item\"><span class=\"dce-term dce-term-103\" data-dce-order=\"\"><a href=\"https:\/\/ecoclimabarcelona.com\/serveis_ecoclima\/electricitat\/\">Electricitat<\/a><\/span><\/li><\/ul><\/div><\/div>\t\t\t<\/div>\n\t\t<\/article>\n\t\t\n\t\t<article class=\"post-11147 projecte_ecoclima type-projecte_ecoclima status-publish format-standard has-post-thumbnail hentry sector-equipaments-educatius serveis_ecoclima-gas-i-calefaccio dce-post dce-post-item dce-item-grid\" data-dce-post-id=\"11147\" data-dce-post-index=\"2\">\n\t\t\t<div class=\"dce-post-block\">\n\t\t<div class=\"dce-item dce-item_image elementor-repeater-item-e5b11c0\"><a class=\"dce-post-image\" href=\"https:\/\/ecoclimabarcelona.com\/es\/projecte_ecoclima\/millores-de-calefaccio-a-institut-vall-dhebron\/\"><figure data-image-ratio=\"0.7\" class=\"dce-img\"><img loading=\"lazy\" decoding=\"async\" width=\"1920\" height=\"1080\" src=\"https:\/\/ecoclimabarcelona.com\/wp-content\/uploads\/2023\/03\/IMG_0757.jpg\" class=\"\" alt=\"MILLORES DE CALEFACCIO A INSTITUT VALL D&#8217;HEBRON\" srcset=\"https:\/\/ecoclimabarcelona.com\/wp-content\/uploads\/2023\/03\/IMG_0757.jpg 1920w, https:\/\/ecoclimabarcelona.com\/wp-content\/uploads\/2023\/03\/IMG_0757-300x169.jpg 300w, https:\/\/ecoclimabarcelona.com\/wp-content\/uploads\/2023\/03\/IMG_0757-1024x576.jpg 1024w, https:\/\/ecoclimabarcelona.com\/wp-content\/uploads\/2023\/03\/IMG_0757-768x432.jpg 768w, https:\/\/ecoclimabarcelona.com\/wp-content\/uploads\/2023\/03\/IMG_0757-1536x864.jpg 1536w\" sizes=\"(max-width: 1920px) 100vw, 1920px\" \/><\/figure><\/a><\/div><div class=\"dce-item dce-item_title elementor-repeater-item-300014e\"><h4 class=\"dce-post-title\"><a href=\"https:\/\/ecoclimabarcelona.com\/es\/projecte_ecoclima\/millores-de-calefaccio-a-institut-vall-dhebron\/\">MILLORES DE CALEFACCIO A INSTITUT VALL D&#8217;HEBRON<\/a><\/h4><\/div><div class=\"dce-item dce-item_termstaxonomy elementor-repeater-item-55abb31\"><div class=\"dce-post-terms\"><ul class=\"dce-terms-list dce-taxonomy-serveis_ecoclima\"><li class=\"dce-term-item\"><span class=\"dce-term dce-term-106\" data-dce-order=\"\"><a href=\"https:\/\/ecoclimabarcelona.com\/serveis_ecoclima\/gas-i-calefaccio\/\">Gas i Calefacci\u00f3<\/a><\/span><\/li><\/ul><\/div><\/div>\t\t\t<\/div>\n\t\t<\/article>\n\t\t\t\t\t<\/div>\n\t\t\t\t\t<\/div>\n\t\t\t\t\t\t<\/div>\n\t\t\t\t<\/div>\n\t\t\t\t<div class=\"elementor-element elementor-element-1f470da elementor-align-center elementor-widget elementor-widget-button\" data-id=\"1f470da\" data-element_type=\"widget\" data-e-type=\"widget\" data-widget_type=\"button.default\">\n\t\t\t\t<div class=\"elementor-widget-container\">\n\t\t\t\t\t\t\t\t\t<div class=\"elementor-button-wrapper\">\n\t\t\t\t\t<a class=\"elementor-button elementor-button-link elementor-size-xs\" href=\"https:\/\/ecoclimabarcelona.com\/es\/areas-de-actividad\/proyectos-seclasa\/\">\n\t\t\t\t\t\t<span class=\"elementor-button-content-wrapper\">\n\t\t\t\t\t\t\t\t\t<span class=\"elementor-button-text\">ver todos los proyectos<\/span>\n\t\t\t\t\t<\/span>\n\t\t\t\t\t<\/a>\n\t\t\t\t<\/div>\n\t\t\t\t\t\t\t\t<\/div>\n\t\t\t\t<\/div>\n\t\t\t\t\t<\/div>\n\t\t<\/div>\n\t\t\t\t\t<\/div>\n\t\t<\/section>\n\t\t\t\t<section class=\"elementor-section elementor-top-section elementor-element elementor-element-53eab2dc elementor-section-boxed elementor-section-height-default elementor-section-height-default\" data-id=\"53eab2dc\" data-element_type=\"section\" data-e-type=\"section\" data-settings=\"{&quot;background_background&quot;:&quot;classic&quot;}\">\n\t\t\t\t\t\t<div class=\"elementor-container elementor-column-gap-default\">\n\t\t\t\t\t<div class=\"elementor-column elementor-col-100 elementor-top-column elementor-element elementor-element-3b84430b\" data-id=\"3b84430b\" data-element_type=\"column\" data-e-type=\"column\">\n\t\t\t<div class=\"elementor-widget-wrap elementor-element-populated\">\n\t\t\t\t\t\t<div class=\"elementor-element elementor-element-7c165be elementor-widget elementor-widget-heading\" data-id=\"7c165be\" data-element_type=\"widget\" data-e-type=\"widget\" data-widget_type=\"heading.default\">\n\t\t\t\t<div class=\"elementor-widget-container\">\n\t\t\t\t\t<h2 class=\"elementor-heading-title elementor-size-default\">clientes<\/h2>\t\t\t\t<\/div>\n\t\t\t\t<\/div>\n\t\t\t\t<div class=\"elementor-element elementor-element-74116317 elementor-skin-carousel elementor-pagination-type-bullets elementor-pagination-position-outside elementor-widget elementor-widget-media-carousel\" data-id=\"74116317\" data-element_type=\"widget\" data-e-type=\"widget\" data-settings=\"{&quot;slides_per_view&quot;:&quot;6&quot;,&quot;slides_to_scroll&quot;:&quot;1&quot;,&quot;space_between&quot;:{&quot;unit&quot;:&quot;px&quot;,&quot;size&quot;:30,&quot;sizes&quot;:[]},&quot;slides_per_view_mobile&quot;:&quot;1&quot;,&quot;slides_to_scroll_mobile&quot;:&quot;1&quot;,&quot;autoplay_speed&quot;:1200,&quot;slides_per_view_tablet&quot;:&quot;5&quot;,&quot;skin&quot;:&quot;carousel&quot;,&quot;effect&quot;:&quot;slide&quot;,&quot;pagination&quot;:&quot;bullets&quot;,&quot;speed&quot;:500,&quot;autoplay&quot;:&quot;yes&quot;,&quot;loop&quot;:&quot;yes&quot;,&quot;pause_on_hover&quot;:&quot;yes&quot;,&quot;pause_on_interaction&quot;:&quot;yes&quot;,&quot;space_between_tablet&quot;:{&quot;unit&quot;:&quot;px&quot;,&quot;size&quot;:10,&quot;sizes&quot;:[]},&quot;space_between_mobile&quot;:{&quot;unit&quot;:&quot;px&quot;,&quot;size&quot;:10,&quot;sizes&quot;:[]}}\" data-widget_type=\"media-carousel.default\">\n\t\t\t\t<div class=\"elementor-widget-container\">\n\t\t\t\t\t\t\t\t\t<div class=\"elementor-swiper\">\n\t\t\t\t\t<div class=\"elementor-main-swiper swiper\" role=\"region\" aria-roledescription=\"carousel\" aria-label=\"Diapositivas\">\n\t\t\t\t<div class=\"swiper-wrapper\">\n\t\t\t\t\t\t\t\t\t\t\t<div class=\"swiper-slide\" role=\"group\" aria-roledescription=\"slide\">\n\t\t\t\t\t\t\t\t\t<div class=\"elementor-carousel-image\" role=\"img\" aria-label=\"vilassar\" style=\"background-image: url(&#039;https:\/\/ecoclimabarcelona.com\/wp-content\/uploads\/2023\/04\/vilassar.jpg&#039;)\">\n\n\t\t\t\n\t\t\t\t\t<\/div>\n\t\t\t\t\t\t\t\t<\/div>\n\t\t\t\t\t\t\t\t\t\t\t<div class=\"swiper-slide\" role=\"group\" aria-roledescription=\"slide\">\n\t\t\t\t\t\t\t\t\t<div class=\"elementor-carousel-image\" role=\"img\" aria-label=\"cientific\" style=\"background-image: url(&#039;https:\/\/ecoclimabarcelona.com\/wp-content\/uploads\/2023\/04\/cientific.jpg&#039;)\">\n\n\t\t\t\n\t\t\t\t\t<\/div>\n\t\t\t\t\t\t\t\t<\/div>\n\t\t\t\t\t\t\t\t\t\t\t<div class=\"swiper-slide\" role=\"group\" aria-roledescription=\"slide\">\n\t\t\t\t\t\t\t\t\t<div class=\"elementor-carousel-image\" role=\"img\" aria-label=\"mercats\" style=\"background-image: url(&#039;https:\/\/ecoclimabarcelona.com\/wp-content\/uploads\/2023\/04\/mercats.jpg&#039;)\">\n\n\t\t\t\n\t\t\t\t\t<\/div>\n\t\t\t\t\t\t\t\t<\/div>\n\t\t\t\t\t\t\t\t\t\t\t<div class=\"swiper-slide\" role=\"group\" aria-roledescription=\"slide\">\n\t\t\t\t\t\t\t\t\t<div class=\"elementor-carousel-image\" role=\"img\" aria-label=\"santceloni\" style=\"background-image: url(&#039;https:\/\/ecoclimabarcelona.com\/wp-content\/uploads\/2023\/04\/santceloni.jpg&#039;)\">\n\n\t\t\t\n\t\t\t\t\t<\/div>\n\t\t\t\t\t\t\t\t<\/div>\n\t\t\t\t\t\t\t\t\t\t\t<div class=\"swiper-slide\" role=\"group\" aria-roledescription=\"slide\">\n\t\t\t\t\t\t\t\t\t<div class=\"elementor-carousel-image\" role=\"img\" aria-label=\"llicadevall-clients.jpg\" style=\"background-image: url(&#039;https:\/\/ecoclimabarcelona.com\/wp-content\/uploads\/2023\/04\/llicadevall-clients.jpg.webp&#039;)\">\n\n\t\t\t\n\t\t\t\t\t<\/div>\n\t\t\t\t\t\t\t\t<\/div>\n\t\t\t\t\t\t\t\t\t\t\t<div class=\"swiper-slide\" role=\"group\" aria-roledescription=\"slide\">\n\t\t\t\t\t\t\t\t\t<div class=\"elementor-carousel-image\" role=\"img\" aria-label=\"polinya\" style=\"background-image: url(&#039;https:\/\/ecoclimabarcelona.com\/wp-content\/uploads\/2023\/04\/polinya.jpg&#039;)\">\n\n\t\t\t\n\t\t\t\t\t<\/div>\n\t\t\t\t\t\t\t\t<\/div>\n\t\t\t\t\t\t\t\t\t\t\t<div class=\"swiper-slide\" role=\"group\" aria-roledescription=\"slide\">\n\t\t\t\t\t\t\t\t\t<div class=\"elementor-carousel-image\" role=\"img\" aria-label=\"gene\" style=\"background-image: url(&#039;https:\/\/ecoclimabarcelona.com\/wp-content\/uploads\/2023\/04\/gene.jpg&#039;)\">\n\n\t\t\t\n\t\t\t\t\t<\/div>\n\t\t\t\t\t\t\t\t<\/div>\n\t\t\t\t\t\t\t\t\t\t\t<div class=\"swiper-slide\" role=\"group\" aria-roledescription=\"slide\">\n\t\t\t\t\t\t\t\t\t<div class=\"elementor-carousel-image\" role=\"img\" aria-label=\"dipu-tarragona\" style=\"background-image: url(&#039;https:\/\/ecoclimabarcelona.com\/wp-content\/uploads\/2023\/04\/dipu-tarragona.jpg&#039;)\">\n\n\t\t\t\n\t\t\t\t\t<\/div>\n\t\t\t\t\t\t\t\t<\/div>\n\t\t\t\t\t\t\t\t\t<\/div>\n\t\t\t\t\t\t\t\t\t\t\t\t\t\t\t\t\t\t\t\t<div class=\"swiper-pagination\"><\/div>\n\t\t\t\t\t\t\t\t\t\t\t\t<\/div>\n\t\t\t\t<\/div>\n\t\t\t\t\t\t\t\t<\/div>\n\t\t\t\t<\/div>\n\t\t\t\t\t<\/div>\n\t\t<\/div>\n\t\t\t\t\t<\/div>\n\t\t<\/section>\n\t\t\t\t<\/div>\n\t\t","protected":false},"excerpt":{"rendered":"<p>las instalaciones, nuestro compromiso las instalaciones, nuestro compromiso \u00daLTIMoS proyectos CALEFACCIO AL INSTITUT MILA I FONTANALS Gas i Calefacci\u00f3 CLIMA BIBLIOTECA SOFIA BARAT Climatitzaci\u00f3, Ventilaci\u00f3 i Control Electricitat MILLORES DE CALEFACCIO A INSTITUT VALL D&#8217;HEBRON Gas i Calefacci\u00f3 ver todos los proyectos clientes<\/p>\n","protected":false},"author":1,"featured_media":0,"parent":0,"menu_order":0,"comment_status":"closed","ping_status":"closed","template":"elementor_header_footer","meta":{"_acf_changed":false,"footnotes":""},"class_list":["post-3285","page","type-page","status-publish","hentry"],"acf":[],"_links":{"self":[{"href":"https:\/\/ecoclimabarcelona.com\/es\/wp-json\/wp\/v2\/pages\/3285","targetHints":{"allow":["GET"]}}],"collection":[{"href":"https:\/\/ecoclimabarcelona.com\/es\/wp-json\/wp\/v2\/pages"}],"about":[{"href":"https:\/\/ecoclimabarcelona.com\/es\/wp-json\/wp\/v2\/types\/page"}],"author":[{"embeddable":true,"href":"https:\/\/ecoclimabarcelona.com\/es\/wp-json\/wp\/v2\/users\/1"}],"replies":[{"embeddable":true,"href":"https:\/\/ecoclimabarcelona.com\/es\/wp-json\/wp\/v2\/comments?post=3285"}],"version-history":[{"count":0,"href":"https:\/\/ecoclimabarcelona.com\/es\/wp-json\/wp\/v2\/pages\/3285\/revisions"}],"wp:attachment":[{"href":"https:\/\/ecoclimabarcelona.com\/es\/wp-json\/wp\/v2\/media?parent=3285"}],"curies":[{"name":"wp","href":"https:\/\/api.w.org\/{rel}","templated":true}]}}